{"id":44349,"date":"2022-12-27T21:20:42","date_gmt":"2022-12-27T21:20:42","guid":{"rendered":"https:\/\/formacampus.cl\/?post_type=property&#038;p=44349"},"modified":"2023-01-17T19:41:35","modified_gmt":"2023-01-17T19:41:35","slug":"preparacion-de-examen-a2-100-horas-2","status":"publish","type":"property","link":"https:\/\/formacampus.cl\/?property=preparacion-de-examen-a2-100-horas-2","title":{"rendered":"Franc\u00e9s Preparaci\u00f3n de Examen A2 \u2013 100 horas"},"content":{"rendered":"\n<p><strong>Visi\u00f3n general \/Objetivos<\/strong><\/p>\n\n\n\n<ul>\n<li><strong>Comprender el sentido general, los puntos principales e informaci\u00f3n de textos orales, bien estructurados, trasmitidos de viva voz o por medios t\u00e9cnicos (tel\u00e9fono, televisi\u00f3n, megafon\u00eda, etc.<\/strong><\/li>\n\n\n\n<li><strong>), articulados a una velocidad normal, en un registro formal o neutro y siempre que las condiciones ac\u00fasticas sean buenas y el mensaje no est\u00e9 distorsionado.<\/strong><\/li>\n\n\n\n<li><strong>Estos textos versar\u00e1n de temas habituales, preferentemente en los \u00e1mbitos personal o p\u00fablico.<\/strong><\/li>\n\n\n\n<li><strong>Producir textos orales, principalmente en comunicaci\u00f3n cara a cara, pero tambi\u00e9n por tel\u00e9fono u otros medios t\u00e9cnicos, en un registro neutro.<\/strong><\/li>\n\n\n\n<li><strong>Comunicarse de forma comprensible, aunque resulten evidentes el acento extranjero, las pausas y los titubeos y sea necesaria la repetici\u00f3n, la par\u00e1frasis y la cooperaci\u00f3n de los interlocutores para mantener la comunicaci\u00f3n.<\/strong><\/li>\n\n\n\n<li><strong>Comprender el sentido, las partes e informaci\u00f3n de textos con un registro formal o neutro y vocabulario en su mayor parte frecuente.<\/strong><\/li>\n\n\n\n<li><strong>Escribir textos en un registro neutro o formal, utilizando adecuadamente los recursos de cohesi\u00f3n y las convenciones ortogr\u00e1ficas y de puntuaci\u00f3n esenciales.<\/strong><\/li>\n\n\n\n<li><strong>Estos textos se referir\u00e1n principalmente al \u00e1mbito personal y p\u00fablico.<\/strong><\/li>\n<\/ul>\n\n\n\n<p><strong>Programa o Malla&nbsp;<\/strong><\/p>\n\n\n\n<p><strong>UD1. De retour des vacances. Ce que nous avons fait avec qui, et o\u00f9 \/ De vuelta de vacaciones. Lo que hicimos, con qui\u00e9n y d\u00f3nde.<\/strong><\/p>\n\n\n\n<p><strong>1.1. Compr\u00e9hension orale.<\/strong><strong><br><\/strong><strong>1.2. Compr\u00e9hension ecrite.<\/strong><strong><br><\/strong><strong>1.3. Expression orale.<\/strong><strong><br><\/strong><strong>1.4. Interaction orale.<\/strong><strong><br><\/strong><strong>1.5. Expression ecrite.<\/strong><strong><br><\/strong><strong>1.6. R\u00e9fl exions lexicales, phonologiques et grammaticales.<\/strong><\/p>\n\n\n\n<p><strong>UD2. On invite la famille. On apporte des photos. On compare \/ Invitamos a la familia. Traemos fotos. Comparamos.<\/strong><\/p>\n\n\n\n<p><strong>2.1. Compr\u00e9hension orale.<\/strong><strong><br><\/strong><strong>2.2. Compr\u00e9hension \u00e9crite.<\/strong><strong><br><\/strong><strong>2.3. Expression orale.<\/strong><strong><br><\/strong><strong>2.4. Interaction orale.<\/strong><strong><br><\/strong><strong>2.5. Expression ecrite.<\/strong><strong><br><\/strong><strong>2.6. R\u00e9fl exions lexicales, phonologiques et grammaticales.<\/strong><\/p>\n\n\n\n<p><strong>UD3. On invite les amis. On indique le chemin. On donne son opinion \/ Invitamos a los amigos. Indicamos el camino. Damos una opini\u00f3n.<\/strong><\/p>\n\n\n\n<p><strong>3.1. Compr\u00e9hension orale.<\/strong><strong><br><\/strong><strong>3.2. Compr\u00e9hension \u00e9crite.<\/strong><strong><br><\/strong><strong>3.3. Expression orale.<\/strong><strong><br><\/strong><strong>3.4. Interaction orale.<\/strong><strong><br><\/strong><strong>3.5. Expression \u00e9crite.<\/strong><strong><br><\/strong><strong>3.6. R\u00e9fl exions lexicales, phonologiques et grammaticales.<\/strong><\/p>\n\n\n\n<p><strong>UD4. Le travail. On en parle. Avec qui. Comment \/ El trabajo. Hablamos de ello. Con qui\u00e9n. C\u00f3mo.<\/strong><\/p>\n\n\n\n<p><strong>4.1. Compr\u00e9hension orale.<\/strong><strong><br><\/strong><strong>4.2. Compr\u00e9hension \u00e9crite.<\/strong><strong><br><\/strong><strong>4.3. Expression orale.<\/strong><strong><br><\/strong><strong>4.4. Interaction orale.<\/strong><strong><br><\/strong><strong>4.5. Expression ecrite.<\/strong><strong><br><\/strong><strong>4.6. R\u00e9fl exions lexicales, phonologiques et grammaticales.<\/strong><\/p>\n\n\n\n<p><strong>UD5. Les activit\u00e9s de tous les jours. On en parle. Avec qui, et quoi \/ Actividades diarias. Hablamos de ellas. Con qui\u00e9n y de qu\u00e9.<\/strong><\/p>\n\n\n\n<p><strong>5.1. Compr\u00e9hension orale.<\/strong><strong><br><\/strong><strong>5.2. Compr\u00e9hension \u00e9crite.<\/strong><strong><br><\/strong><strong>5.3. Expression orale.<\/strong><strong><br><\/strong><strong>5.4. Interaction orale.<\/strong><strong><br><\/strong><strong>5.5. Expression \u00e9crite.<\/strong><strong><br><\/strong><strong>5.6. R\u00e9fl exions lexicales, phonologiques et grammaticales.<\/strong><\/p>\n\n\n\n<p><strong>UD6. On connait les magasins. Avec qui et comment \/ En las tiendas. Con qui\u00e9n y c\u00f3mo.<\/strong><\/p>\n\n\n\n<p><strong>6.1. Compr\u00e9hension orale.<\/strong><strong><br><\/strong><strong>6.2. Compr\u00e9hension \u00e9crite.<\/strong><strong><br><\/strong><strong>6.3. Expression orale.<\/strong><strong><br><\/strong><strong>6.4. Interaction orale.<\/strong><strong><br><\/strong><strong>6.5. Expression ecrite.<\/strong><strong><br><\/strong><strong>6.6. R\u00e9fl exions lexicales, phonologiques et grammaticales.<\/strong><\/p>\n\n\n\n<p><strong>UD7. On va faire les courses \/ Vamos de compras.<\/strong><\/p>\n\n\n\n<p><strong>7.1. Compr\u00e9hension orale.<\/strong><strong><br><\/strong><strong>7.2. Compr\u00e9hension \u00e9crite.<\/strong><strong><br><\/strong><strong>7.3. Expression orale.<\/strong><strong><br><\/strong><strong>7.4. Interaction orale.<\/strong><strong><br><\/strong><strong>7.4. Compr\u00e9hension ecrite.<\/strong><strong><br><\/strong><strong>7.5. R\u00e9fl exions lexicales, phonologiques et grammaticales.<\/strong><\/p>\n\n\n\n<p><strong>UD8. On fait quoi \u00e0 la maison \/ Qu\u00e9 hacemos en casa.<\/strong><\/p>\n\n\n\n<p><strong>8.1. Compr\u00e9hension orale.<\/strong><strong><br><\/strong><strong>8.2. Compr\u00e9hension \u00e9crite.<\/strong><strong><br><\/strong><strong>8.3. Expression orale.<\/strong><strong><br><\/strong><strong>8.4. Interaction orale.<\/strong><strong><br><\/strong><strong>8.5. Compr\u00e9hension ecrite.<\/strong><strong><br><\/strong><strong>8.6. R\u00e9fl exions lexicales, phonologiques et grammaticales.<\/strong><\/p>\n\n\n\n<p><strong>UD9. On visite la ville. On fait les magasins. Avec qui, et pour quoi \/ Visitamos la ciudad. Vamos de tiendas. Con qui\u00e9n y para qu\u00e9.<\/strong><\/p>\n\n\n\n<p><strong>9.1. Compr\u00e9hension orale.<\/strong><strong><br><\/strong><strong>9.2. Compr\u00e9hension \u00e9crite.<\/strong><strong><br><\/strong><strong>9.3. Expression orale.<\/strong><strong><br><\/strong><strong>9.4. Interaction orale.<\/strong><strong><br><\/strong><strong>9.5. Expression \u00e9crite.<\/strong><strong><br><\/strong><strong>9.6. R\u00e9fl exions lexicales, phonologiques et grammaticales.<\/strong><\/p>\n\n\n\n<p><strong>UD10. On cherche un logement. Que fait-on? O\u00f9 vas-tu? Comment y-vas-tu? \/ Buscamos una vivienda. \u00bfQu\u00e9 hacemos? \u00bfD\u00f3nde vas? \u00bfC\u00f3mo vas?.<\/strong><\/p>\n\n\n\n<p><strong>10.1. Compr\u00e9hension orale.<\/strong><strong><br><\/strong><strong>10.2. Compr\u00e9hension ecrite.<\/strong><strong><br><\/strong><strong>10.3. Expression orale.<\/strong><strong><br><\/strong><strong>10.4. Interaction orale.<\/strong><strong><br><\/strong><strong>10.5. Expression ecrite.<\/strong><strong><br><\/strong><strong>10.6. R\u00e9fl exions lexicales, phonologiques et grammaticales.<\/strong><\/p>\n\n\n\n<p><strong>UD11. La sant\u00e9 \/ On va chez le m\u00e9decin \/ on prend rendez-vous \/ On parle au m\u00e9decin \/ On va chez le pharmacien \/ La salud \/ En la consulta \/ Pedimos cita \/ Hablamos con el m\u00e9dico \/ Vamos a la farmacia.<\/strong><\/p>\n\n\n\n<p><strong>11.1. Compr\u00e9hension orale.<\/strong><strong><br><\/strong><strong>11.2. Compr\u00e9hension ecrite.<\/strong><strong><br><\/strong><strong>11.3. Expression orale.<\/strong><strong><br><\/strong><strong>11.4. Interaction orale.<\/strong><strong><br><\/strong><strong>11.5. Expression ecrite.<\/strong><strong><br><\/strong><strong>11.6. R\u00e9fl exions lexicales, phonologiques et grammaticales.<\/strong><\/p>\n\n\n\n<p><strong>UD12. On veut sorti \/ On utilise quoi \/ Queremos salir \/ Qu\u00e9 utilizamos.<\/strong><\/p>\n\n\n\n<p><strong>12.1. Compr\u00e9hension orale.<\/strong><strong><br><\/strong><strong>12.2. Compr\u00e9hension ecrite.<\/strong><strong><br><\/strong><strong>12.3. Expression orale.<\/strong><strong><br><\/strong><strong>12.4. Interation orale.<\/strong><strong><br><\/strong><strong>12.5. Expression ecrite.<\/strong><strong><br><\/strong><strong>12.6. R\u00e9fl exions lexicales, phonologiques et grammaticales.<\/strong><\/p>\n\n\n\n<p><strong>UD13. On veut acheter une voiture \/ On va chez le concessionnaire \/ On ach\u00e8te ou pas? \/ On va \u00e0 la banque \/ Queremos comprar un coche \/ Vamos al concesionario \/ \u00bfCompramos \u00f3 no? \/ Vamos al banco.<\/strong><\/p>\n\n\n\n<p><strong>13.1. Compr\u00e9hension orale.<\/strong><strong><br><\/strong><strong>13.2. Compr\u00e9hension ecrite.<\/strong><strong><br><\/strong><strong>13.3. Expresion orale.<\/strong><strong><br><\/strong><strong>13.4. Interation orale.<\/strong><strong><br><\/strong><strong>13.5. Expression ecrite.<\/strong><strong><br><\/strong><strong>13.6. R\u00e9fl exions lexicales, phonologiques et grammaticales.<\/strong><\/p>\n\n\n\n<p><strong>UD14. SOIGNONS notre environnement \/ On va recycler \/ Qu\u00b4est-ce-qu\u00b4on recycle\/ Quand, comment et pourquoi \/ Cuidemos nuestro entorno \/ Vamos a reciclar \/ Qu\u00e9 reciclamos \/ Cuando, c\u00f3mo y porqu\u00e9.<\/strong><\/p>\n\n\n\n<p><strong>14.1. Compr\u00e9hension orale.<\/strong><strong><br><\/strong><strong>14.2. Compr\u00e9hension ecrite.<\/strong><strong><br><\/strong><strong>14.3. Expresion orale.<\/strong><strong><br><\/strong><strong>14.4. Interation orale.<\/strong><strong><br><\/strong><strong>14.5. Expression ecrite.<\/strong><strong><br><\/strong><strong>14.6. R\u00e9fl exions lexicales, phonologiques et grammaticales.<\/strong><\/p>\n\n\n\n<p><strong>UD15. On fait le bilan \/ Hacemos balance.<\/strong><\/p>\n\n\n\n<p><strong>15.1. Compr\u00e9hension orale.<\/strong><strong><br><\/strong><strong>15.2. Compr\u00e9hension ecrite.<\/strong><strong><br><\/strong><strong>15.3. Production orale.<\/strong><strong><br><\/strong><strong>15.4. Expression ecrite.<\/strong><\/p>\n\n\n\n<hr class=\"wp-block-separator has-alpha-channel-opacity\"\/>\n\n\n\n<div class=\"is-layout-flex wp-block-buttons\">\n<div class=\"wp-block-button has-custom-width wp-block-button__width-50\"><a class=\"wp-block-button__link has-background wp-element-button\" href=\"https:\/\/www.sumar.cl\/_asesoriasacademicas\/ficha\/48278\" style=\"background-color:#0d4d73\">Comprar Curso<\/a><\/div>\n<\/div>\n","protected":false},"excerpt":{"rendered":"<p>Visi\u00f3n general \/Objetivos Programa o Malla&nbsp; UD1. De retour des vacances. Ce que nous avons fait avec qui, et o\u00f9 \/ De vuelta de vacaciones. Lo que hicimos, con qui\u00e9n y d\u00f3nde. 1.1. Compr\u00e9hension orale.1.2. Compr\u00e9hension ecrite.1.3. Expression orale.1.4. Interaction orale.1.5. Expression ecrite.1.6. R\u00e9fl exions lexicales, phonologiques et grammaticales. UD2. On invite la famille. On [&hellip;]<\/p>\n","protected":false},"author":1,"featured_media":44350,"parent":0,"menu_order":0,"template":"","property_type":[],"property_status":[],"property_feature":[],"property_label":[],"property_country":[],"property_state":[],"property_city":[],"property_area":[433],"aioseo_notices":[],"property_meta":{"_edit_lock":["1673984514:1"],"_thumbnail_id":["44350"],"_edit_last":["1"],"fave_property_price":["91500"],"fave_property_map":["1"],"fave_property_location":["25.68654,-80.431345,15"],"houzez_geolocation_lat":["25.68654"],"houzez_geolocation_long":["-80.431345"],"fave_property_map_street_view":["hide"],"fave_featured":["0"],"fave_loggedintoview":["0"],"fave_agent_display_option":["agent_info"],"fave_prop_homeslider":["no"],"fave_single_top_area":["global"],"fave_single_content_area":["global"],"_aioseo_title":[null],"_aioseo_description":[null],"_aioseo_keywords":[""],"_aioseo_og_title":[null],"_aioseo_og_description":[null],"_aioseo_og_article_section":[""],"_aioseo_og_article_tags":[""],"_aioseo_twitter_title":[null],"_aioseo_twitter_description":[null],"om_disable_all_campaigns":[""],"houzez_manual_expire":["0"],"_houzez_expiration_date_status":["saved"],"houzez_total_property_views":["156"],"houzez_views_by_date":["a:61:{s:10:\"03-08-2025\";i:1;s:10:\"03-14-2025\";i:1;s:10:\"03-15-2025\";i:1;s:10:\"03-21-2025\";i:1;s:10:\"03-27-2025\";i:1;s:10:\"04-04-2025\";i:1;s:10:\"04-11-2025\";i:1;s:10:\"04-13-2025\";i:1;s:10:\"04-19-2025\";i:1;s:10:\"04-21-2025\";i:1;s:10:\"04-28-2025\";i:1;s:10:\"04-30-2025\";i:1;s:10:\"05-14-2025\";i:1;s:10:\"05-21-2025\";i:1;s:10:\"05-30-2025\";i:1;s:10:\"06-15-2025\";i:1;s:10:\"07-02-2025\";i:1;s:10:\"07-06-2025\";i:1;s:10:\"07-18-2025\";i:2;s:10:\"07-28-2025\";i:1;s:10:\"07-31-2025\";i:1;s:10:\"08-02-2025\";i:1;s:10:\"08-07-2025\";i:1;s:10:\"08-18-2025\";i:1;s:10:\"08-24-2025\";i:1;s:10:\"09-06-2025\";i:1;s:10:\"09-10-2025\";i:1;s:10:\"09-17-2025\";i:1;s:10:\"09-29-2025\";i:1;s:10:\"10-02-2025\";i:1;s:10:\"10-10-2025\";i:1;s:10:\"10-16-2025\";i:1;s:10:\"10-24-2025\";i:1;s:10:\"10-31-2025\";i:1;s:10:\"11-10-2025\";i:1;s:10:\"11-13-2025\";i:1;s:10:\"11-15-2025\";i:1;s:10:\"12-10-2025\";i:1;s:10:\"12-19-2025\";i:1;s:10:\"12-28-2025\";i:1;s:10:\"01-05-2026\";i:1;s:10:\"01-13-2026\";i:1;s:10:\"01-16-2026\";i:1;s:10:\"01-24-2026\";i:1;s:10:\"01-26-2026\";i:2;s:10:\"01-27-2026\";i:1;s:10:\"01-31-2026\";i:1;s:10:\"02-07-2026\";i:1;s:10:\"02-16-2026\";i:1;s:10:\"02-25-2026\";i:1;s:10:\"03-02-2026\";i:1;s:10:\"03-11-2026\";i:1;s:10:\"03-12-2026\";i:2;s:10:\"03-23-2026\";i:1;s:10:\"03-29-2026\";i:1;s:10:\"04-01-2026\";i:1;s:10:\"04-04-2026\";i:1;s:10:\"04-10-2026\";i:1;s:10:\"04-13-2026\";i:1;s:10:\"04-22-2026\";i:1;s:10:\"04-29-2026\";i:2;}"],"houzez_recently_viewed":["2026-04-29 22:28:22"],"fave_agents":["156"],"fave_property_images":["44350"]},"_links":{"self":[{"href":"https:\/\/formacampus.cl\/index.php?rest_route=\/wp\/v2\/properties\/44349"}],"collection":[{"href":"https:\/\/formacampus.cl\/index.php?rest_route=\/wp\/v2\/properties"}],"about":[{"href":"https:\/\/formacampus.cl\/index.php?rest_route=\/wp\/v2\/types\/property"}],"author":[{"embeddable":true,"href":"https:\/\/formacampus.cl\/index.php?rest_route=\/wp\/v2\/users\/1"}],"version-history":[{"count":4,"href":"https:\/\/formacampus.cl\/index.php?rest_route=\/wp\/v2\/properties\/44349\/revisions"}],"predecessor-version":[{"id":44555,"href":"https:\/\/formacampus.cl\/index.php?rest_route=\/wp\/v2\/properties\/44349\/revisions\/44555"}],"wp:featuredmedia":[{"embeddable":true,"href":"https:\/\/formacampus.cl\/index.php?rest_route=\/wp\/v2\/media\/44350"}],"wp:attachment":[{"href":"https:\/\/formacampus.cl\/index.php?rest_route=%2Fwp%2Fv2%2Fmedia&parent=44349"}],"wp:term":[{"taxonomy":"property_type","embeddable":true,"href":"https:\/\/formacampus.cl\/index.php?rest_route=%2Fwp%2Fv2%2Fproperty_type&post=44349"},{"taxonomy":"property_status","embeddable":true,"href":"https:\/\/formacampus.cl\/index.php?rest_route=%2Fwp%2Fv2%2Fproperty_status&post=44349"},{"taxonomy":"property_feature","embeddable":true,"href":"https:\/\/formacampus.cl\/index.php?rest_route=%2Fwp%2Fv2%2Fproperty_feature&post=44349"},{"taxonomy":"property_label","embeddable":true,"href":"https:\/\/formacampus.cl\/index.php?rest_route=%2Fwp%2Fv2%2Fproperty_label&post=44349"},{"taxonomy":"property_country","embeddable":true,"href":"https:\/\/formacampus.cl\/index.php?rest_route=%2Fwp%2Fv2%2Fproperty_country&post=44349"},{"taxonomy":"property_state","embeddable":true,"href":"https:\/\/formacampus.cl\/index.php?rest_route=%2Fwp%2Fv2%2Fproperty_state&post=44349"},{"taxonomy":"property_city","embeddable":true,"href":"https:\/\/formacampus.cl\/index.php?rest_route=%2Fwp%2Fv2%2Fproperty_city&post=44349"},{"taxonomy":"property_area","embeddable":true,"href":"https:\/\/formacampus.cl\/index.php?rest_route=%2Fwp%2Fv2%2Fproperty_area&post=44349"}],"curies":[{"name":"wp","href":"https:\/\/api.w.org\/{rel}","templated":true}]}}